{"id":751,"date":"2023-02-15T18:16:12","date_gmt":"2023-02-15T17:16:12","guid":{"rendered":"https:\/\/wp.gta.be\/fr\/?page_id=751"},"modified":"2026-03-18T14:03:48","modified_gmt":"2026-03-18T13:03:48","slug":"ardenne-e-bike","status":"publish","type":"page","link":"https:\/\/www.gta.be\/fr\/ardenne-e-bike\/","title":{"rendered":"Ardenne e-Bike"},"content":{"rendered":"\n<style type=\"text\/css\" data-created_by=\"avia_inline_auto\" id=\"style-css-av-5xx102-c286a86f1d83838b149e13787871e99d\">\n.avia-section.av-5xx102-c286a86f1d83838b149e13787871e99d{\nbackground-repeat:no-repeat;\nbackground-image:url(https:\/\/www.gta.be\/fr\/wp-content\/uploads\/2023\/02\/ardenne-nordic-park-la-la-maison-de-la-randonnee-6-scaled.jpg);\nbackground-position:50% 50%;\nbackground-attachment:fixed;\n}\n<\/style>\n<div id='av_section_1'  class='avia-section av-5xx102-c286a86f1d83838b149e13787871e99d main_color avia-section-default avia-no-shadow  avia-builder-el-0  el_before_av_section  avia-builder-el-first  avia-full-stretch avia-bg-style-fixed av-minimum-height av-minimum-height-custom  container_wrap fullsize'  data-section-bg-repeat='stretch' data-av_minimum_height_px='250'><div class='container av-section-cont-open' style='height:250px'><main  role=\"main\" itemprop=\"mainContentOfPage\"  class='template-page content  av-content-full alpha units'><div class='post-entry post-entry-type-page post-entry-751'><div class='entry-content-wrapper clearfix'>\n<\/div><\/div><\/main><!-- close content main element --><\/div><\/div>\n<style type=\"text\/css\" data-created_by=\"avia_inline_auto\" id=\"style-css-av-5qpym2-68cd50131fb367fb1c33bc834386f6f3\">\n.avia-section.av-5qpym2-68cd50131fb367fb1c33bc834386f6f3{\nbackground-repeat:no-repeat;\nbackground-image:url(https:\/\/www.gta.be\/fr\/wp-content\/uploads\/2015\/07\/ornament-bg-top-small-1.png);\nbackground-position:50% 0%;\nbackground-attachment:scroll;\n}\n<\/style>\n<div id='av_section_2'  class='avia-section av-5qpym2-68cd50131fb367fb1c33bc834386f6f3 main_color avia-section-huge avia-no-border-styling  avia-builder-el-1  el_after_av_section  el_before_av_button_big  avia-full-contain avia-bg-style-scroll container_wrap fullsize'  data-section-bg-repeat='contain'><div class='container av-section-cont-open' ><div class='template-page content  av-content-full alpha units'><div class='post-entry post-entry-type-page post-entry-751'><div class='entry-content-wrapper clearfix'>\n\n<style type=\"text\/css\" data-created_by=\"avia_inline_auto\" id=\"style-css-av-5kdo8y-4c7caaadd56b2622b8476eeebc3b619d\">\n#top .flex_column.av-5kdo8y-4c7caaadd56b2622b8476eeebc3b619d{\nmargin-top:-200px;\nmargin-bottom:0px;\n}\n.flex_column.av-5kdo8y-4c7caaadd56b2622b8476eeebc3b619d{\n-webkit-border-radius:0px 0px 0px 0px;\n-moz-border-radius:0px 0px 0px 0px;\nborder-radius:0px 0px 0px 0px;\npadding:30px 30px 30px 30px;\nbackground-color:#ffffff;\n}\n.responsive #top #wrap_all .flex_column.av-5kdo8y-4c7caaadd56b2622b8476eeebc3b619d{\nmargin-top:-200px;\nmargin-bottom:0px;\n}\n<\/style>\n<div class='flex_column av-5kdo8y-4c7caaadd56b2622b8476eeebc3b619d av_one_full  avia-builder-el-2  el_before_av_image  avia-builder-el-first  first flex_column_div '     ><style type=\"text\/css\" data-created_by=\"avia_inline_auto\" id=\"style-css-av-5dsg4i-cbca500a85e674769e74e772e452963e\">\n#top .av-special-heading.av-5dsg4i-cbca500a85e674769e74e772e452963e{\npadding-bottom:20px;\nfont-size:40px;\n}\nbody .av-special-heading.av-5dsg4i-cbca500a85e674769e74e772e452963e .av-special-heading-tag .heading-char{\nfont-size:25px;\n}\n#top #wrap_all .av-special-heading.av-5dsg4i-cbca500a85e674769e74e772e452963e .av-special-heading-tag{\nfont-size:40px;\n}\n.av-special-heading.av-5dsg4i-cbca500a85e674769e74e772e452963e .av-subheading{\nfont-size:15px;\n}\n\n@media only screen and (min-width: 480px) and (max-width: 767px){ \n#top #wrap_all .av-special-heading.av-5dsg4i-cbca500a85e674769e74e772e452963e .av-special-heading-tag{\nfont-size:0.8em;\n}\n}\n\n@media only screen and (max-width: 479px){ \n#top #wrap_all .av-special-heading.av-5dsg4i-cbca500a85e674769e74e772e452963e .av-special-heading-tag{\nfont-size:0.8em;\n}\n}\n<\/style>\n<div  class='av-special-heading av-5dsg4i-cbca500a85e674769e74e772e452963e av-special-heading-h1 blockquote modern-quote modern-centered  avia-builder-el-3  avia-builder-el-no-sibling  av-inherit-size'><h1 class='av-special-heading-tag'  itemprop=\"headline\"  >Ardenne e-Bike<\/h1><div class=\"special-heading-border\"><div class=\"special-heading-inner-border\"><\/div><\/div><\/div><\/div>\n<style type=\"text\/css\" data-created_by=\"avia_inline_auto\" id=\"style-css-av-le60s2h5-7d9a69948185053b6bc54a076d5914f3\">\n.avia-image-container.av-le60s2h5-7d9a69948185053b6bc54a076d5914f3 img.avia_image{\nbox-shadow:none;\n}\n.avia-image-container.av-le60s2h5-7d9a69948185053b6bc54a076d5914f3 .av-image-caption-overlay-center{\ncolor:#ffffff;\n}\n<\/style>\n<div  class='avia-image-container av-le60s2h5-7d9a69948185053b6bc54a076d5914f3 av-styling- avia-align-center  avia-builder-el-4  el_after_av_one_full  el_before_av_hr '   itemprop=\"image\" itemscope=\"itemscope\" itemtype=\"https:\/\/schema.org\/ImageObject\" ><div class=\"avia-image-container-inner\"><div class=\"avia-image-overlay-wrap\"><img decoding=\"async\" class='wp-image-803 avia-img-lazy-loading-not-803 avia_image ' src=\"https:\/\/www.gta.be\/fr\/wp-content\/uploads\/2023\/02\/ardenne-e-bike.png\" alt='Logo Ardenne-e-Bike' title='ardenne-e-bike'  height=\"263\" width=\"192\"  itemprop=\"thumbnailUrl\"  \/><\/div><\/div><\/div>\n\n<style type=\"text\/css\" data-created_by=\"avia_inline_auto\" id=\"style-css-av-izfii-7368c6d6af15edeb2a910962df652375\">\n#top .hr.av-izfii-7368c6d6af15edeb2a910962df652375{\nmargin-top:0px;\nmargin-bottom:70px;\n}\n.hr.av-izfii-7368c6d6af15edeb2a910962df652375 .hr-inner{\nwidth:50px;\nborder-color:#f8f8f8;\nmax-width:45%;\n}\n.hr.av-izfii-7368c6d6af15edeb2a910962df652375 .av-seperator-icon{\ncolor:#e5c80c;\n}\n<\/style>\n<div  class='hr av-izfii-7368c6d6af15edeb2a910962df652375 hr-custom  avia-builder-el-5  el_after_av_image  el_before_av_one_full  hr-center hr-icon-yes'><span class='hr-inner inner-border-av-border-fat'><span class=\"hr-inner-style\"><\/span><\/span><span class='av-seperator-icon' aria-hidden='true' data-av_icon='\ue8ce' data-av_iconfont='entypo-fontello'><\/span><span class='hr-inner inner-border-av-border-fat'><span class=\"hr-inner-style\"><\/span><\/span><\/div>\n\n<style type=\"text\/css\" data-created_by=\"avia_inline_auto\" id=\"style-css-av-53ni0a-e227ae123451c1896d0d1a059a79eeac\">\n.flex_column.av-53ni0a-e227ae123451c1896d0d1a059a79eeac{\n-webkit-border-radius:0px 0px 0px 0px;\n-moz-border-radius:0px 0px 0px 0px;\nborder-radius:0px 0px 0px 0px;\npadding:0px 0px 0px 0px;\n}\n<\/style>\n<div class='flex_column av-53ni0a-e227ae123451c1896d0d1a059a79eeac av_one_full  avia-builder-el-6  el_after_av_hr  avia-builder-el-last  first flex_column_div av-zero-column-padding '     ><p>\n<style type=\"text\/css\" data-created_by=\"avia_inline_auto\" id=\"style-css-av-4twrgq-1c4dcbf6512ebb6d220f50f9f8fb5e20\">\n#top .av-special-heading.av-4twrgq-1c4dcbf6512ebb6d220f50f9f8fb5e20{\npadding-bottom:0;\n}\nbody .av-special-heading.av-4twrgq-1c4dcbf6512ebb6d220f50f9f8fb5e20 .av-special-heading-tag .heading-char{\nfont-size:25px;\n}\n.av-special-heading.av-4twrgq-1c4dcbf6512ebb6d220f50f9f8fb5e20 .av-subheading{\nfont-size:15px;\n}\n<\/style>\n<div  class='av-special-heading av-4twrgq-1c4dcbf6512ebb6d220f50f9f8fb5e20 av-special-heading-h3 blockquote modern-quote  avia-builder-el-7  el_before_av_textblock  avia-builder-el-first '><h3 class='av-special-heading-tag'  itemprop=\"headline\"  >Loueurs de v\u00e9lo et VTT en Ardenne<\/h3><div class=\"special-heading-border\"><div class=\"special-heading-inner-border\"><\/div><\/div><\/div><br \/>\n<section  class='av_textblock_section av-4qim36-8a7efd827768e9317b47dfab72dae1ef'  itemscope=\"itemscope\" itemtype=\"https:\/\/schema.org\/CreativeWork\" ><div class='avia_textblock'  itemprop=\"text\" ><p><strong>Arlon: Royal Office du Tourisme d\u2019Arlon<\/strong><br \/>\nrue des Faubourgs 2, 6700 Arlon<br \/>\n+32 63 21 63 60<br \/>\n<a href=\"mailto:info@ot-arlon.be\">info@ot-arlon.be<\/a>, <a href=\"http:\/\/www.ot-arlon.be\" target=\"_blank\" rel=\"noopener\">www.ot-arlon.be<\/a><\/p>\n<p><strong>Barvaux-sur-Ourthe : Royal Syndicat d\u2019Initiative de Barvaux-sur-Ourthe<\/strong><br \/>\nParc Juli\u00e9nas 1 , 6940 Barvaux sur Ourthe<br \/>\n+32 86 21 11 65<br \/>\n<a href=\"mailto:rsi.barvaux@skynet.be\">rsi.barvaux@skynet.be<\/a>, <a href=\"http:\/\/www.barvaux-sur-ourthe.info\" target=\"_blank\" rel=\"noopener\">www.barvaux-sur-ourthe.info<\/a><\/p>\n<p><strong>Bastogne : Bastogne Bike<\/strong><br \/>\nPlace de la Gare 13A, 6600 Bastogne<br \/>\n+32 61 39 57 40<br \/>\n<a href=\"mailto:info@bastogne-bike.be\">info@bastogne-bike.be<\/a><\/p>\n<p><strong>Champlon-Tenneville: Centre sportif<\/strong><br \/>\nRue Saint-Quoilin 50, 6971 Tenneville<br \/>\n+32 84 47 80 76<br \/>\n<a href=\"http:\/\/centresportifcsptgmail.com\">centresportifcsptgmail.com<\/a>, <a href=\"http:\/\/www.centresportiftenneville.be\" target=\"_blank\" rel=\"noopener\">www.centresportiftenneville.be<\/a><\/p>\n<p><strong>Florenville: E-Scape Bike<\/strong><br \/>\nPlace Albert 1er 7, 6820 Forenville<br \/>\n<a href=\"http:\/\/www.escapebike.be\" target=\"_blank\" rel=\"noopener\">www.escapebike.be<\/a><\/p>\n<p><strong>Houffalize: Houffa Bike<\/strong><br \/>\navenue de la Gare 23<br \/>\n6660 Houffalize<br \/>\n+32 498 36 34 14<br \/>\n<a href=\"mailto:contact@houffa-bike.com\">contact@houffa-bike.com<\/a>, <a href=\"http:\/\/www.houffa-bike.com\" target=\"_blank\" rel=\"noopener\">www.houffa-bike.com<\/a><\/p>\n<p><strong>La Roche-en-Ardenne: SOWATT-Panache Bike and Sleep<\/strong><br \/>\nRue de Beausaint 4, 6980 La Roche-en-Ardenne<br \/>\n+32 473 32 65 75<br \/>\n<a href=\"mailto:ride@sowatt.bike\">ride@sowatt.bike<\/a>, <a href=\"http:\/\/www.sowatt.bike\" target=\"_blank\" rel=\"noopener\">www.sowatt.bike<\/a><\/p>\n<p><strong>Libramont: Office du Tourisme de Libramont-Chevigny<\/strong><br \/>\nGrand&rsquo;Rue 24, 6800 Libramont<br \/>\n+32 61 27 04 82<br \/>\n<a href=\"mailto:tourisme@libramon.be\">tourisme@libramon.be<\/a>, <a href=\"https:\/\/tourisme.libramontchevigny.be\">https:\/\/tourisme.libramontchevigny.be<\/a><br \/>\nLocation du 1er juillet au 30 septembre<\/p>\n<p><strong>Marbehan : Syndicat d\u2019Initiative de Marbehan<\/strong><br \/>\nPlace de la Gare 2, 6724 Marbehan<br \/>\n+32 478 65 77 38<br \/>\n<a href=\"mailto:info@marbehan.be\">info@marbehan.be<\/a>, <a href=\"http:\/\/www.habay-tourisme.be\" target=\"_blank\" rel=\"noopener\">www.habay-tourisme.be<\/a><\/p>\n<p><strong>Marche-en-Famenne : Maison du Tourisme Famenne-Ardenne<\/strong><br \/>\nPlace de l\u2019Etang 15, 6900 Marche-en-Famenne<br \/>\n+32 84 34 53 27<br \/>\n<a href=\"mailto:info@famenneardenne.be\">info@famenneardenne.be<\/a>, <a href=\"http:\/\/www.famenneardenne.be\" target=\"_blank\" rel=\"noopener\">www.famenneardenne.be<\/a><\/p>\n<p><strong>Martelange: Office du Tourisme de Martelange<\/strong><br \/>\nChemin du Moulin 3, 6630 Martelange<br \/>\n+32 471 92 60 44<br \/>\n<a href=\"mailto:si.martelange@gmail.com\">si.martelange@gmail.com<\/a><\/p>\n<p><strong>Redu (Libin): Loca-Bike Ardennes<\/strong><br \/>\nLes Boucats 92, 6890 Libin<br \/>\n+32 470 12 90 82<br \/>\n<a href=\"mailto:info@locabike.be\">info@locabike.be<\/a>, <a href=\"http:\/\/www.locabike.be\" target=\"_blank\" rel=\"noopener\">www.locabike.be<\/a><br \/>\nSur r\u00e9servation &#8211; Livraison<\/p>\n<p><strong>Saint-Hubert: E-Scape Bike<\/strong><br \/>\navenue des Chasseurs ardennais 17, 6870 Saint-Hubert<br \/>\n<a href=\"http:\/\/www.escapebike.be\" target=\"_blank\" rel=\"noopener\">www.escapebike.be<\/a><\/p>\n<p><em>Dans les Ardennes fran\u00e7aises<\/em><\/p>\n<p><strong>Cauroy: Ardennes Roues Libres<\/strong><br \/>\n2 Rue des Jardins, 08310 Cauroy, France (\u00e0 +\/- 30 minutes de Reims)<br \/>\n+33 7 71 60 09 94<br \/>\n<a href=\"http:\/\/www.ardennesroueslibres.com\" target=\"_blank\" rel=\"noopener\">http:\/\/www.ardennesroueslibres.com,<\/a> <a href=\"http:\/\/www.ardennesroueslibres.com\">www.ardennesroueslibres.com<\/a><\/p>\n<\/div><\/section><\/p><\/div><div  class='avia-button-wrap avia-button-center  avia-builder-el-9  el_after_av_section  avia-builder-el-last '>\n<style type=\"text\/css\" data-created_by=\"avia_inline_auto\" id=\"style-css-av-levf7u8e-0211e3944b28ee17ebf9305893df2d1b\">\n#top #wrap_all .avia-button.av-levf7u8e-0211e3944b28ee17ebf9305893df2d1b:hover{\ncolor:white;\n-webkit-transition:all 0.4s ease-in-out;\n-moz-transition:all 0.4s ease-in-out;\n-ms-transition:all 0.4s ease-in-out;\n-o-transition:all 0.4s ease-in-out;\ntransition:all 0.4s ease-in-out;\n}\n<\/style>\n<a href='https:\/\/www.gta.be\/fr\/shop\/' class='avia-color-theme-color avia-font-color-theme-color avia-button avia-button-fullwidth av-levf7u8e-0211e3944b28ee17ebf9305893df2d1b avia-icon_select-no avia-color-theme-color'  ><span class='avia_iconbox_title' >Boutique en ligne<\/span><span class='avia_button_background avia-button avia-button-fullwidth avia-color-theme-color-highlight'><\/span><\/a><\/div><\/p>\n","protected":false},"excerpt":{"rendered":"","protected":false},"author":1,"featured_media":0,"parent":0,"menu_order":0,"comment_status":"open","ping_status":"closed","template":"","meta":{"_seopress_robots_primary_cat":"","_seopress_titles_title":"O\u00f9 louer un v\u00e9lo en Ardenne","_seopress_titles_desc":"Sur cette page, retrouvez les adresses de loueurs de v\u00e9lo et de VTT.","_seopress_robots_index":"","footnotes":""},"class_list":["post-751","page","type-page","status-publish","hentry"],"_links":{"self":[{"href":"https:\/\/www.gta.be\/fr\/wp-json\/wp\/v2\/pages\/751","targetHints":{"allow":["GET"]}}],"collection":[{"href":"https:\/\/www.gta.be\/fr\/wp-json\/wp\/v2\/pages"}],"about":[{"href":"https:\/\/www.gta.be\/fr\/wp-json\/wp\/v2\/types\/page"}],"author":[{"embeddable":true,"href":"https:\/\/www.gta.be\/fr\/wp-json\/wp\/v2\/users\/1"}],"replies":[{"embeddable":true,"href":"https:\/\/www.gta.be\/fr\/wp-json\/wp\/v2\/comments?post=751"}],"version-history":[{"count":22,"href":"https:\/\/www.gta.be\/fr\/wp-json\/wp\/v2\/pages\/751\/revisions"}],"predecessor-version":[{"id":4251,"href":"https:\/\/www.gta.be\/fr\/wp-json\/wp\/v2\/pages\/751\/revisions\/4251"}],"wp:attachment":[{"href":"https:\/\/www.gta.be\/fr\/wp-json\/wp\/v2\/media?parent=751"}],"curies":[{"name":"wp","href":"https:\/\/api.w.org\/{rel}","templated":true}]}}