{"id":996,"date":"2023-07-16T13:57:40","date_gmt":"2023-07-16T13:57:40","guid":{"rendered":"https:\/\/wp.gta.be\/nl\/?page_id=996"},"modified":"2023-11-04T17:20:41","modified_gmt":"2023-11-04T17:20:41","slug":"le-grand-tour-de-lardenne-transfrontaliere-de-grote-tocht-van-de-grensoverschrijdende-ardennen","status":"publish","type":"page","link":"https:\/\/www.gta.be\/nl\/le-grand-tour-de-lardenne-transfrontaliere-de-grote-tocht-van-de-grensoverschrijdende-ardennen\/","title":{"rendered":"Le Grand Tour de l\u2019Ardenne transfrontali\u00e8re (de Grote Tocht van de Grensoverschrijdende Ardennen)"},"content":{"rendered":"\n<style type=\"text\/css\" data-created_by=\"avia_inline_auto\" id=\"style-css-av-3s38ok-9b077432797fd281ea5a29f089699859\">\n.avia-section.av-3s38ok-9b077432797fd281ea5a29f089699859{\nbackground-repeat:no-repeat;\nbackground-image:url(https:\/\/www.gta.be\/nl\/wp-content\/uploads\/2023\/05\/grandtourdelardennetransfrontaliere.jpg);\nbackground-position:50% 50%;\nbackground-attachment:fixed;\n}\n<\/style>\n<div id='av_section_1'  class='avia-section av-3s38ok-9b077432797fd281ea5a29f089699859 main_color avia-section-default avia-no-shadow  avia-builder-el-0  el_before_av_section  avia-builder-el-first  avia-full-stretch avia-bg-style-fixed av-minimum-height av-minimum-height-custom  container_wrap fullsize'  data-section-bg-repeat='stretch' data-av_minimum_height_px='250'><div class='container av-section-cont-open' style='height:250px'><main  role=\"main\" itemprop=\"mainContentOfPage\"  class='template-page content  av-content-full alpha units'><div class='post-entry post-entry-type-page post-entry-996'><div class='entry-content-wrapper clearfix'>\n<\/div><\/div><\/main><!-- close content main element --><\/div><\/div><div id='av_section_2'  class='avia-section av-3mnsf0-1e5b8279a137b6c5e246767391f79e71 main_color avia-section-huge avia-no-border-styling  avia-builder-el-1  el_after_av_section  el_before_av_layout_row  avia-bg-style-scroll container_wrap fullsize'  ><div class='container av-section-cont-open' ><div class='template-page content  av-content-full alpha units'><div class='post-entry post-entry-type-page post-entry-996'><div class='entry-content-wrapper clearfix'>\n\n<style type=\"text\/css\" data-created_by=\"avia_inline_auto\" id=\"style-css-av-3ekhj8-4755d26f5e4e83e0d2b55203172adf24\">\n#top .flex_column.av-3ekhj8-4755d26f5e4e83e0d2b55203172adf24{\nmargin-top:-200px;\nmargin-bottom:0px;\n}\n.flex_column.av-3ekhj8-4755d26f5e4e83e0d2b55203172adf24{\n-webkit-border-radius:0px 0px 0px 0px;\n-moz-border-radius:0px 0px 0px 0px;\nborder-radius:0px 0px 0px 0px;\npadding:30px 30px 30px 30px;\nbackground-color:#ffffff;\n}\n.responsive #top #wrap_all .flex_column.av-3ekhj8-4755d26f5e4e83e0d2b55203172adf24{\nmargin-top:-200px;\nmargin-bottom:0px;\n}\n<\/style>\n<div class='flex_column av-3ekhj8-4755d26f5e4e83e0d2b55203172adf24 av_one_full  avia-builder-el-2  el_before_av_one_full  avia-builder-el-first  first flex_column_div '     ><style type=\"text\/css\" data-created_by=\"avia_inline_auto\" id=\"style-css-av-lk5i6kmc-4dbb22fcb41a27da06a7a99540dd2a6f\">\n#top .av-special-heading.av-lk5i6kmc-4dbb22fcb41a27da06a7a99540dd2a6f{\npadding-bottom:20px;\nfont-size:40px;\n}\nbody .av-special-heading.av-lk5i6kmc-4dbb22fcb41a27da06a7a99540dd2a6f .av-special-heading-tag .heading-char{\nfont-size:25px;\n}\n#top #wrap_all .av-special-heading.av-lk5i6kmc-4dbb22fcb41a27da06a7a99540dd2a6f .av-special-heading-tag{\nfont-size:40px;\n}\n.av-special-heading.av-lk5i6kmc-4dbb22fcb41a27da06a7a99540dd2a6f .av-subheading{\nfont-size:15px;\n}\n\n@media only screen and (min-width: 480px) and (max-width: 767px){ \n#top #wrap_all .av-special-heading.av-lk5i6kmc-4dbb22fcb41a27da06a7a99540dd2a6f .av-special-heading-tag{\nfont-size:0.8em;\n}\n}\n\n@media only screen and (max-width: 479px){ \n#top #wrap_all .av-special-heading.av-lk5i6kmc-4dbb22fcb41a27da06a7a99540dd2a6f .av-special-heading-tag{\nfont-size:0.8em;\n}\n}\n<\/style>\n<div  class='av-special-heading av-lk5i6kmc-4dbb22fcb41a27da06a7a99540dd2a6f av-special-heading-h1 blockquote modern-quote modern-centered  avia-builder-el-3  avia-builder-el-no-sibling  av-inherit-size'><h1 class='av-special-heading-tag'  itemprop=\"headline\"  >Le Grand Tour de l\u2019Ardenne transfrontali\u00e8re (de Grote Tocht van de Grensoverschrijdende Ardennen)<\/h1><div class=\"special-heading-border\"><div class=\"special-heading-inner-border\"><\/div><\/div><\/div><\/div>\n<style type=\"text\/css\" data-created_by=\"avia_inline_auto\" id=\"style-css-av-34sais-d4982cc203e30e8a75fbb867e18c0fce\">\n.flex_column.av-34sais-d4982cc203e30e8a75fbb867e18c0fce{\n-webkit-border-radius:0px 0px 0px 0px;\n-moz-border-radius:0px 0px 0px 0px;\nborder-radius:0px 0px 0px 0px;\npadding:0px 0px 0px 0px;\n}\n<\/style>\n<div class='flex_column av-34sais-d4982cc203e30e8a75fbb867e18c0fce av_one_full  avia-builder-el-4  el_after_av_one_full  avia-builder-el-last  first flex_column_div av-zero-column-padding column-top-margin'     ><p>\n<style type=\"text\/css\" data-created_by=\"avia_inline_auto\" id=\"style-css-av-lk5i840r-ba72b61342e960e44af02abeea020f98\">\n#top .av-special-heading.av-lk5i840r-ba72b61342e960e44af02abeea020f98{\npadding-bottom:0;\n}\nbody .av-special-heading.av-lk5i840r-ba72b61342e960e44af02abeea020f98 .av-special-heading-tag .heading-char{\nfont-size:25px;\n}\n.av-special-heading.av-lk5i840r-ba72b61342e960e44af02abeea020f98 .av-subheading{\nfont-size:15px;\n}\n<\/style>\n<div  class='av-special-heading av-lk5i840r-ba72b61342e960e44af02abeea020f98 av-special-heading-h3 blockquote modern-quote  avia-builder-el-5  el_before_av_textblock  avia-builder-el-first '><h3 class='av-special-heading-tag'  itemprop=\"headline\"  >Op fietsavontuur in de Ardennen<\/h3><div class=\"special-heading-border\"><div class=\"special-heading-inner-border\"><\/div><\/div><\/div><br \/>\n<section  class='av_textblock_section av-lk5i7bv1-8ac77fc6963c0bd084d8692b1480f885'  itemscope=\"itemscope\" itemtype=\"https:\/\/schema.org\/CreativeWork\" ><div class='avia_textblock'  itemprop=\"text\" ><p>Deze GTA-route vormt een lus van 151 km die het departement van de Franse Ardennen en de Belgische Ardennen doorkruist, door de provincie Luxemburg en het zuiden van de provincie Namen. Er dient hierbij een gezamenlijk hoogteverschil van 2167 meter te worden overwonnen.<\/p>\n<p>Als vertrekplaats voor deze grensoverschrijdende \u2018Grand Tour de l\u2019Ardenne\u2019 wordt het stadje Bouillon aanbevolen (Pont de France). Deze tocht brengt u naar de regio\u2019s van Corbion, Sedan, Charleville M\u00e9zi\u00e8res, Montherm\u00e9, Bohan, Vresse-sur-Semois en Rochehaut.<\/p>\n<p>Deze route is niet bewegwijzerd, maar u kunt ze vlot volgen dankzij een downloadbare GPX-track.<\/p>\n<\/div><\/section><\/p><\/div>\n\n<\/div><\/div><\/div><!-- close content main div --><\/div><\/div><div id='av-layout-grid-1'  class='av-layout-grid-container av-1u3b38-464ea91f1e9b53d74db175b9b36c6b1b entry-content-wrapper main_color av-flex-cells  avia-builder-el-7  el_after_av_section  el_before_av_section  grid-row-not-first  container_wrap fullsize'  >\n\n<style type=\"text\/css\" data-created_by=\"avia_inline_auto\" id=\"style-css-av-6eo0c-c3d56584bc19be1849d130ff06aa58aa\">\n.flex_cell.av-6eo0c-c3d56584bc19be1849d130ff06aa58aa{\nvertical-align:top;\nheight:400px;\nmin-height:400px;\nbackground:url(https:\/\/www.gta.be\/nl\/wp-content\/uploads\/2023\/05\/grandtourdelardennetransfrontaliere.jpg) 50% 50% no-repeat scroll ;\n}\n.responsive #top #wrap_all .flex_cell.av-6eo0c-c3d56584bc19be1849d130ff06aa58aa{\npadding:30px 30px 30px 30px !important;\n}\n<\/style>\n<div class='flex_cell av-6eo0c-c3d56584bc19be1849d130ff06aa58aa av-gridrow-cell av_one_half no_margin  avia-builder-el-8  el_before_av_cell_one_half  avia-builder-el-first  avia-full-stretch' ><div class='flex_cell_inner'><\/div><\/div>\n<style type=\"text\/css\" data-created_by=\"avia_inline_auto\" id=\"style-css-av-1ktsx0-856a7eb0a808618dd2dc1fd8ba89b4e4\">\n.flex_cell.av-1ktsx0-856a7eb0a808618dd2dc1fd8ba89b4e4{\nvertical-align:top;\nheight:400px;\nmin-height:400px;\nbackground:url(https:\/\/www.gta.be\/nl\/wp-content\/uploads\/2023\/05\/Grandtour_ardennetransfrontaliere-1.jpg) 50% 50% no-repeat scroll ;\n}\n.responsive #top #wrap_all .flex_cell.av-1ktsx0-856a7eb0a808618dd2dc1fd8ba89b4e4{\npadding:30px 30px 30px 30px !important;\n}\n<\/style>\n<div class='flex_cell av-1ktsx0-856a7eb0a808618dd2dc1fd8ba89b4e4 av-gridrow-cell av_one_half no_margin  avia-builder-el-9  el_after_av_cell_one_half  avia-builder-el-last  avia-full-stretch' ><div class='flex_cell_inner'><\/div><\/div>\n<\/div>\n<div id='av_section_3'  class='avia-section av-2fr1b0-467aeaa67503762189c68b1133a556b4 main_color avia-section-huge avia-no-border-styling  avia-builder-el-10  el_after_av_layout_row  el_before_av_layout_row  avia-bg-style-scroll container_wrap fullsize'  ><div class='container av-section-cont-open' ><div class='template-page content  av-content-full alpha units'><div class='post-entry post-entry-type-page post-entry-996'><div class='entry-content-wrapper clearfix'>\n\n<style type=\"text\/css\" data-created_by=\"avia_inline_auto\" id=\"style-css-av-2afp6s-eec13afa2e4c9bdea44506f94f2ca871\">\n.flex_column.av-2afp6s-eec13afa2e4c9bdea44506f94f2ca871{\n-webkit-border-radius:0px 0px 0px 0px;\n-moz-border-radius:0px 0px 0px 0px;\nborder-radius:0px 0px 0px 0px;\npadding:0px 0px 0px 0px;\n}\n<\/style>\n<div class='flex_column av-2afp6s-eec13afa2e4c9bdea44506f94f2ca871 av_one_third  avia-builder-el-11  el_before_av_one_third  avia-builder-el-first  first flex_column_div av-zero-column-padding '     ><p>\n<style type=\"text\/css\" data-created_by=\"avia_inline_auto\" id=\"style-css-av-lk5ia3x6-d9b02a9ca3d5f8770842cc57d226f76e\">\n#top .av-special-heading.av-lk5ia3x6-d9b02a9ca3d5f8770842cc57d226f76e{\npadding-bottom:0;\n}\nbody .av-special-heading.av-lk5ia3x6-d9b02a9ca3d5f8770842cc57d226f76e .av-special-heading-tag .heading-char{\nfont-size:25px;\n}\n.av-special-heading.av-lk5ia3x6-d9b02a9ca3d5f8770842cc57d226f76e .av-subheading{\nfont-size:15px;\n}\n<\/style>\n<div  class='av-special-heading av-lk5ia3x6-d9b02a9ca3d5f8770842cc57d226f76e av-special-heading-h3 blockquote modern-quote  avia-builder-el-12  el_before_av_textblock  avia-builder-el-first '><h3 class='av-special-heading-tag'  itemprop=\"headline\"  >Te ontdekken<\/h3><div class=\"special-heading-border\"><div class=\"special-heading-inner-border\"><\/div><\/div><\/div><br \/>\n<section  class='av_textblock_section av-lk5i9t2w-3e8ea37de61e0da1cb7b54577d588ab2'  itemscope=\"itemscope\" itemtype=\"https:\/\/schema.org\/CreativeWork\" ><div class='avia_textblock'  itemprop=\"text\" ><p>We vermelden hier graag enkele boeiende Ardense sites die u kunt ontdekken langs deze grensoverschrijdende \u2018Grand Tour de l\u2019Ardenne\u2019 (vrij vertaald: Grote Ardennentocht):<\/p>\n<ul>\n<li>Bouillon (kasteel, Archeoscoop Godfried van Bouillon, Hertogelijk Museum, Dierenpark, toeristisch treintje)<\/li>\n<li>Corbion (ru\u00efnes van het Maison des Couleuvres, het Tabaksatelier-museum) \u2013 7,1 km<\/li>\n<li>Sedan (de stad en haar begeleide stadswandelingen, het versterkt kasteel) \u2013 28,7 km<br \/>\nBazeilles (\u2018La Maison de la derni\u00e8re Cartouche\u2019)<\/li>\n<li>Remilly-Aillicourt (aan de samenvloeiing van de Chiers en de Maas) \u2013 35 km<\/li>\n<li>Charleville-M\u00e9zi\u00e8res (Hertogelijk Plein, de basiliek, het Arthur Rimbaud-museum, het Ardennenmuseum) \u2013 70,9 km<\/li>\n<li>Montherm\u00e9 (Abdij van Laval-Dieu, riviercruises) \u2013 92,1 km<\/li>\n<li>Vresse-sur-Semois (la Glycine, het kunstcentrum van de School van Vresse) \u2013 123,1 km. Als u het parcours ongeveer 5 km verlaat: het dorp Lafor\u00eat met de \u2018Pont des Clayes\u2019 (tijdens het seizoen)<\/li>\n<li>Rochehaut (uitkijkpunt, Agri-Museum) \u2013 133,5 km<\/li>\n<li>Alle-sur-Semois (Ardois\u2018Alle, R\u00e9cr\u00e9alle) \u2013 128 km<\/li>\n<\/ul>\n<\/div><\/section><\/p><\/div>\n<style type=\"text\/css\" data-created_by=\"avia_inline_auto\" id=\"style-css-av-21s2to-0ede5994f53f624625a29c700ee31621\">\n.flex_column.av-21s2to-0ede5994f53f624625a29c700ee31621{\n-webkit-border-radius:0px 0px 0px 0px;\n-moz-border-radius:0px 0px 0px 0px;\nborder-radius:0px 0px 0px 0px;\npadding:0px 0px 0px 0px;\n}\n<\/style>\n<div class='flex_column av-21s2to-0ede5994f53f624625a29c700ee31621 av_one_third  avia-builder-el-14  el_after_av_one_third  el_before_av_one_third  flex_column_div av-zero-column-padding '     ><p>\n<style type=\"text\/css\" data-created_by=\"avia_inline_auto\" id=\"style-css-av-lk5iaowu-25856e57d134582ca15cbd30327e90eb\">\n#top .av-special-heading.av-lk5iaowu-25856e57d134582ca15cbd30327e90eb{\npadding-bottom:0;\n}\nbody .av-special-heading.av-lk5iaowu-25856e57d134582ca15cbd30327e90eb .av-special-heading-tag .heading-char{\nfont-size:25px;\n}\n.av-special-heading.av-lk5iaowu-25856e57d134582ca15cbd30327e90eb .av-subheading{\nfont-size:15px;\n}\n<\/style>\n<div  class='av-special-heading av-lk5iaowu-25856e57d134582ca15cbd30327e90eb av-special-heading-h3 blockquote modern-quote  avia-builder-el-15  el_before_av_textblock  avia-builder-el-first '><h3 class='av-special-heading-tag'  itemprop=\"headline\"  >Tijdens het rijden van de grensoverschrijdende Grote Ardennentocht<\/h3><div class=\"special-heading-border\"><div class=\"special-heading-inner-border\"><\/div><\/div><\/div><br \/>\n<section  class='av_textblock_section av-lk5ibgr4-09fe890cafcd2925006eed930df206ca'  itemscope=\"itemscope\" itemtype=\"https:\/\/schema.org\/CreativeWork\" ><div class='avia_textblock'  itemprop=\"text\" ><ul>\n<li>Tussen Remilly-Allicourt en Montherm\u00e9 rijdt u over de Trans-Ardense Greenway (deze route verbindt Charleville-M\u00e9zi\u00e8res met Givet)<\/li>\n<li>Van Montherm\u00e9 naar Bohan via Haute-Rivi\u00e8re volgt u een deel van de Trans Semoysienne Greenway (deze route verbindt Montherm\u00e9 met de gemeente Thilay)<\/li>\n<li>Van Montherm\u00e9 tot Vresse-sur-Semois gaat het ook langs de V\u00e9loroute Lesse en Semois (deze route in een lus-vorm gaat met name door Vresse-sur-Semois, Montherm\u00e9, Fumay en Daverdisse)<\/li>\n<li>In Mouzaive fietst u langs de Transardense fietsroute tot Bouillon<\/li>\n<\/ul>\n<\/div><\/section><\/p><\/div>\n<style type=\"text\/css\" data-created_by=\"avia_inline_auto\" id=\"style-css-av-16pjuk-c335a0f74ba1920efda79880235456fd\">\n.flex_column.av-16pjuk-c335a0f74ba1920efda79880235456fd{\n-webkit-border-radius:0px 0px 0px 0px;\n-moz-border-radius:0px 0px 0px 0px;\nborder-radius:0px 0px 0px 0px;\npadding:0px 0px 0px 0px;\n}\n<\/style>\n<div class='flex_column av-16pjuk-c335a0f74ba1920efda79880235456fd av_one_third  avia-builder-el-17  el_after_av_one_third  avia-builder-el-last  flex_column_div av-zero-column-padding '     ><p>\n<style type=\"text\/css\" data-created_by=\"avia_inline_auto\" id=\"style-css-av-lk5ic4up-0a95a6d5997baa45f5ffc9e1bafad38c\">\n#top .av-special-heading.av-lk5ic4up-0a95a6d5997baa45f5ffc9e1bafad38c{\npadding-bottom:0;\n}\nbody .av-special-heading.av-lk5ic4up-0a95a6d5997baa45f5ffc9e1bafad38c .av-special-heading-tag .heading-char{\nfont-size:25px;\n}\n.av-special-heading.av-lk5ic4up-0a95a6d5997baa45f5ffc9e1bafad38c .av-subheading{\nfont-size:15px;\n}\n<\/style>\n<div  class='av-special-heading av-lk5ic4up-0a95a6d5997baa45f5ffc9e1bafad38c av-special-heading-h3 blockquote modern-quote  avia-builder-el-18  el_before_av_textblock  avia-builder-el-first '><h3 class='av-special-heading-tag'  itemprop=\"headline\"  >Goed om te weten<\/h3><div class=\"special-heading-border\"><div class=\"special-heading-inner-border\"><\/div><\/div><\/div><br \/>\n<section  class='av_textblock_section av-lk5ibzde-7bc5a0b5e937b1c4d27290f546b2e84d'  itemscope=\"itemscope\" itemtype=\"https:\/\/schema.org\/CreativeWork\" ><div class='avia_textblock'  itemprop=\"text\" ><p>Als u in Remilly-Aillicourt bent, bevindt u zich op ongeveer 5 km van Douzy, het aankomstpunt van de V\u00e9loroute Centre Ardenne.<br \/>\nInderdaad, deze route verbindt Amberloup, in de gemeente Sainte-Ode (Belgi\u00eb), met Douzy (Frankrijk) over 126 km. Het was immers in de jaren 1990 dat de eerste fietsroutes in de Belgische Ardennen werden bedacht en uitgestippeld door het \u2018Maison de la Randonn\u00e9e-GTA Belgi\u00eb\u2019.<\/p>\n<\/div><\/section><\/p><\/div>\n\n<\/div><\/div><\/div><!-- close content main div --><\/div><\/div><div id='av-layout-grid-2'  class='av-layout-grid-container av-14r8zg-637e8f99a026eca52b1cecc54fb0e6ba entry-content-wrapper main_color av-flex-cells  avia-builder-el-20  el_after_av_section  el_before_av_button_big  grid-row-not-first  container_wrap fullsize'  >\n\n<style type=\"text\/css\" data-created_by=\"avia_inline_auto\" id=\"style-css-av-3ekt0-6e7e86034239c20acd0c8cca85cbff7b\">\n.flex_cell.av-3ekt0-6e7e86034239c20acd0c8cca85cbff7b{\nvertical-align:top;\nheight:400px;\nmin-height:400px;\nbackground:url(https:\/\/www.gta.be\/nl\/wp-content\/uploads\/2023\/08\/Grandtour_ardennetransfrontaliere_6.jpg) 50% 50% no-repeat scroll ;\n}\n.responsive #top #wrap_all .flex_cell.av-3ekt0-6e7e86034239c20acd0c8cca85cbff7b{\npadding:30px 30px 30px 30px !important;\n}\n<\/style>\n<div class='flex_cell av-3ekt0-6e7e86034239c20acd0c8cca85cbff7b av-gridrow-cell av_one_half no_margin  avia-builder-el-21  el_before_av_cell_one_half  avia-builder-el-first  avia-full-stretch' ><div class='flex_cell_inner'><\/div><\/div>\n<style type=\"text\/css\" data-created_by=\"avia_inline_auto\" id=\"style-css-av-pprxg-92a7fb155126c1f69c90ff9d8874568b\">\n.flex_cell.av-pprxg-92a7fb155126c1f69c90ff9d8874568b{\nvertical-align:top;\nheight:400px;\nmin-height:400px;\nbackground:url(https:\/\/www.gta.be\/nl\/wp-content\/uploads\/2023\/08\/Grandtour_ardennetransfrontaliere_5-300x225.jpg) 50% 50% no-repeat scroll ;\n}\n.responsive #top #wrap_all .flex_cell.av-pprxg-92a7fb155126c1f69c90ff9d8874568b{\npadding:30px 30px 30px 30px !important;\n}\n<\/style>\n<div class='flex_cell av-pprxg-92a7fb155126c1f69c90ff9d8874568b av-gridrow-cell av_one_half no_margin  avia-builder-el-22  el_after_av_cell_one_half  avia-builder-el-last  avia-full-stretch' ><div class='flex_cell_inner'><\/div><\/div>\n<\/div>\n<div  class='avia-button-wrap avia-button-center  avia-builder-el-23  el_after_av_layout_row  el_before_av_layout_row '>\n<style type=\"text\/css\" data-created_by=\"avia_inline_auto\" id=\"style-css-av-lk5iccw3-e4baa689de71e2c88f0db3b8557c72d3\">\n#top #wrap_all .avia-button.av-lk5iccw3-e4baa689de71e2c88f0db3b8557c72d3{\nbackground-color:#0e5c12;\nborder-color:#0e5c12;\n-webkit-transition:all 0.4s ease-in-out;\n-moz-transition:all 0.4s ease-in-out;\n-ms-transition:all 0.4s ease-in-out;\n-o-transition:all 0.4s ease-in-out;\ntransition:all 0.4s ease-in-out;\n}\n#top #wrap_all .avia-button.av-lk5iccw3-e4baa689de71e2c88f0db3b8557c72d3:hover{\ncolor:white;\n-webkit-transition:all 0.4s ease-in-out;\n-moz-transition:all 0.4s ease-in-out;\n-ms-transition:all 0.4s ease-in-out;\n-o-transition:all 0.4s ease-in-out;\ntransition:all 0.4s ease-in-out;\n}\n<\/style>\n<a href='https:\/\/www.gta.be\/nl\/shop\/' class='avia-font-color-theme-color avia-button avia-button-fullwidth av-lk5iccw3-e4baa689de71e2c88f0db3b8557c72d3 avia-icon_select-no avia-color-custom'  ><span class='avia_iconbox_title' >E-shop<\/span><span class='avia_button_background avia-button avia-button-fullwidth avia-color-theme-color'><\/span><\/a><\/div>\n<div id='av-layout-grid-3'  class='av-layout-grid-container av-kh2pw-35a043b27bcf122d5b842c7211afd1f4 entry-content-wrapper main_color av-flex-cells  avia-builder-el-24  el_after_av_button_big  avia-builder-el-last  grid-row-not-first  container_wrap fullsize'  >\n\n<style type=\"text\/css\" data-created_by=\"avia_inline_auto\" id=\"style-css-av-ckzv8-9ae1adf08ebf863246a514d604684d07\">\n.flex_cell.av-ckzv8-9ae1adf08ebf863246a514d604684d07{\nvertical-align:top;\nheight:400px;\nmin-height:400px;\nbackground:url(https:\/\/www.gta.be\/nl\/wp-content\/uploads\/2023\/08\/Grandtour_ardennetransfrontaliere_9.jpg) 50% 50% no-repeat scroll ;\n}\n.responsive #top #wrap_all .flex_cell.av-ckzv8-9ae1adf08ebf863246a514d604684d07{\npadding:30px 30px 30px 30px !important;\n}\n<\/style>\n<div class='flex_cell av-ckzv8-9ae1adf08ebf863246a514d604684d07 av-gridrow-cell av_one_half no_margin  avia-builder-el-25  el_before_av_cell_one_half  avia-builder-el-first  avia-full-stretch' ><div class='flex_cell_inner'><\/div><\/div>\n<style type=\"text\/css\" data-created_by=\"avia_inline_auto\" id=\"style-css-av-7u2bg-149d064a8fb3170138106a3bb568a5fe\">\n.flex_cell.av-7u2bg-149d064a8fb3170138106a3bb568a5fe{\nvertical-align:top;\nheight:400px;\nmin-height:400px;\nbackground:url(https:\/\/www.gta.be\/nl\/wp-content\/uploads\/2023\/08\/Grandtour_ardennetransfrontaliere_10.jpg) 50% 50% no-repeat scroll ;\n}\n.responsive #top #wrap_all .flex_cell.av-7u2bg-149d064a8fb3170138106a3bb568a5fe{\npadding:30px 30px 30px 30px !important;\n}\n<\/style>\n<div class='flex_cell av-7u2bg-149d064a8fb3170138106a3bb568a5fe av-gridrow-cell av_one_half no_margin  avia-builder-el-26  el_after_av_cell_one_half  avia-builder-el-last  avia-full-stretch' ><div class='flex_cell_inner'><\/div><\/div>\n<\/div>\n","protected":false},"excerpt":{"rendered":"","protected":false},"author":1,"featured_media":0,"parent":0,"menu_order":0,"comment_status":"closed","ping_status":"closed","template":"","meta":{"_seopress_robots_primary_cat":"","_seopress_titles_title":"","_seopress_titles_desc":"","_seopress_robots_index":"","footnotes":""},"class_list":["post-996","page","type-page","status-publish","hentry"],"_links":{"self":[{"href":"https:\/\/www.gta.be\/nl\/wp-json\/wp\/v2\/pages\/996","targetHints":{"allow":["GET"]}}],"collection":[{"href":"https:\/\/www.gta.be\/nl\/wp-json\/wp\/v2\/pages"}],"about":[{"href":"https:\/\/www.gta.be\/nl\/wp-json\/wp\/v2\/types\/page"}],"author":[{"embeddable":true,"href":"https:\/\/www.gta.be\/nl\/wp-json\/wp\/v2\/users\/1"}],"replies":[{"embeddable":true,"href":"https:\/\/www.gta.be\/nl\/wp-json\/wp\/v2\/comments?post=996"}],"version-history":[{"count":11,"href":"https:\/\/www.gta.be\/nl\/wp-json\/wp\/v2\/pages\/996\/revisions"}],"predecessor-version":[{"id":1399,"href":"https:\/\/www.gta.be\/nl\/wp-json\/wp\/v2\/pages\/996\/revisions\/1399"}],"wp:attachment":[{"href":"https:\/\/www.gta.be\/nl\/wp-json\/wp\/v2\/media?parent=996"}],"curies":[{"name":"wp","href":"https:\/\/api.w.org\/{rel}","templated":true}]}}